{"id":942,"date":"2019-01-08T22:05:12","date_gmt":"2019-01-08T21:05:12","guid":{"rendered":"https:\/\/eichengruen-karlsdorf.de\/egk2017\/?post_type=tribe_events&#038;p=942"},"modified":"2020-01-28T23:00:29","modified_gmt":"2020-01-28T22:00:29","slug":"krapfenschiessen","status":"publish","type":"tribe_events","link":"https:\/\/eichengruen-karlsdorf.de\/egk2017\/event\/krapfenschiessen\/","title":{"rendered":"Krapfenschie\u00dfen"},"content":{"rendered":"<p>Was gibt es besseres in der Faschingszeit als einen leckeren Krapfen? Wie w\u00e4re es, die Krapfen mal nicht auf herk\u00f6mmlichen Wege im Laden zu kaufen, sondern sie bei unserem 6. Krapfenschie\u00dfen zu gewinnen?<br \/>\nVersuche dein Gl\u00fcck und finde heraus wer von euch den sch\u00f6nsten Krapfen gewinnt, und wer die meisten mit nach Hause nehmen kann.<br \/>\nJe Einlage wird es eine kleine Startgeb\u00fchr geben.<br \/>\nAuch in diesem Jahr suchen wir den Krapfenk\u00f6nig\/-in und den Jugendkrapfenk\u00f6nig\/-in der ein besonders sch\u00f6nes Exemplar sein eigen nennen darf.<\/p>\n","protected":false},"excerpt":{"rendered":"<p>Was gibt es besseres in der Faschingszeit als einen leckeren Krapfen? Wie w\u00e4re es, die Krapfen mal nicht auf herk\u00f6mmlichen Wege im Laden zu kaufen, sondern sie bei unserem 6. &#8230; <a title=\"Krapfenschie\u00dfen\" class=\"read-more\" href=\"https:\/\/eichengruen-karlsdorf.de\/egk2017\/event\/krapfenschiessen\/\" aria-label=\"Mehr Informationen \u00fcber Krapfenschie\u00dfen\">Weiterlesen<\/a><\/p>\n","protected":false},"author":3,"featured_media":963,"template":"","meta":{"_tribe_events_status":"","_tribe_events_status_reason":"","footnotes":""},"tags":[],"tribe_events_cat":[21],"class_list":["post-942","tribe_events","type-tribe_events","status-publish","has-post-thumbnail","hentry","tribe_events_cat-verein","cat_verein"],"_links":{"self":[{"href":"https:\/\/eichengruen-karlsdorf.de\/egk2017\/wp-json\/wp\/v2\/tribe_events\/942","targetHints":{"allow":["GET"]}}],"collection":[{"href":"https:\/\/eichengruen-karlsdorf.de\/egk2017\/wp-json\/wp\/v2\/tribe_events"}],"about":[{"href":"https:\/\/eichengruen-karlsdorf.de\/egk2017\/wp-json\/wp\/v2\/types\/tribe_events"}],"author":[{"embeddable":true,"href":"https:\/\/eichengruen-karlsdorf.de\/egk2017\/wp-json\/wp\/v2\/users\/3"}],"version-history":[{"count":2,"href":"https:\/\/eichengruen-karlsdorf.de\/egk2017\/wp-json\/wp\/v2\/tribe_events\/942\/revisions"}],"predecessor-version":[{"id":978,"href":"https:\/\/eichengruen-karlsdorf.de\/egk2017\/wp-json\/wp\/v2\/tribe_events\/942\/revisions\/978"}],"wp:featuredmedia":[{"embeddable":true,"href":"https:\/\/eichengruen-karlsdorf.de\/egk2017\/wp-json\/wp\/v2\/media\/963"}],"wp:attachment":[{"href":"https:\/\/eichengruen-karlsdorf.de\/egk2017\/wp-json\/wp\/v2\/media?parent=942"}],"wp:term":[{"taxonomy":"post_tag","embeddable":true,"href":"https:\/\/eichengruen-karlsdorf.de\/egk2017\/wp-json\/wp\/v2\/tags?post=942"},{"taxonomy":"tribe_events_cat","embeddable":true,"href":"https:\/\/eichengruen-karlsdorf.de\/egk2017\/wp-json\/wp\/v2\/tribe_events_cat?post=942"}],"curies":[{"name":"wp","href":"https:\/\/api.w.org\/{rel}","templated":true}]}}