{"id":952,"date":"2019-01-08T22:12:39","date_gmt":"2019-01-08T21:12:39","guid":{"rendered":"https:\/\/eichengruen-karlsdorf.de\/egk2017\/?post_type=tribe_events&#038;p=952"},"modified":"2019-06-30T22:58:36","modified_gmt":"2019-06-30T20:58:36","slug":"waldfest-bockoed","status":"publish","type":"tribe_events","link":"https:\/\/eichengruen-karlsdorf.de\/egk2017\/event\/waldfest-bockoed\/","title":{"rendered":"Waldfest Bock\u00f6d"},"content":{"rendered":"<p>Unter den nat\u00fcrlichen Schatten der B\u00e4ume k\u00f6nnen sich die G\u00e4ste unsere bayerische Schmankerl wie Steckerlfisch oder Grillfleisch bei einer k\u00fchlen Mass Bier schmecken lassen. Nat\u00fcrlich darf auch eine Bayerische Band nicht fehlen. So k\u00f6nnen die G\u00e4ste gemeinsam einen sch\u00f6nen und sonnigen Sonntagnachmittag bzw. Abend verbringen, der mit bayerischer Live-Musik untermalt wird.<\/p>\n<p>Nat\u00fcrlich ist auch f\u00fcr den Nachwuchs was dabei. Es wird eine H\u00fcpfburg und eine Torwand aufgebaut.<\/p>\n<p>Au\u00dferdem k\u00f6nnen Jung und Alt ihre Treffsicherheit an unserem Schie\u00dfstand unter Beweis stellen.<\/p>\n<p>Ausweichtermin ist am folgenden Sonntag am 28. Juli 2019<\/p>\n","protected":false},"excerpt":{"rendered":"<p>Unter den nat\u00fcrlichen Schatten der B\u00e4ume k\u00f6nnen sich die G\u00e4ste unsere bayerische Schmankerl wie Steckerlfisch oder Grillfleisch bei einer k\u00fchlen Mass Bier schmecken lassen. Nat\u00fcrlich darf auch eine Bayerische Band &#8230; <a title=\"Waldfest Bock\u00f6d\" class=\"read-more\" href=\"https:\/\/eichengruen-karlsdorf.de\/egk2017\/event\/waldfest-bockoed\/\" aria-label=\"Mehr Informationen \u00fcber Waldfest Bock\u00f6d\">Weiterlesen<\/a><\/p>\n","protected":false},"author":3,"featured_media":1040,"template":"","meta":{"_tribe_events_status":"","_tribe_events_status_reason":"","footnotes":""},"tags":[],"tribe_events_cat":[],"class_list":["post-952","tribe_events","type-tribe_events","status-publish","has-post-thumbnail","hentry"],"_links":{"self":[{"href":"https:\/\/eichengruen-karlsdorf.de\/egk2017\/wp-json\/wp\/v2\/tribe_events\/952","targetHints":{"allow":["GET"]}}],"collection":[{"href":"https:\/\/eichengruen-karlsdorf.de\/egk2017\/wp-json\/wp\/v2\/tribe_events"}],"about":[{"href":"https:\/\/eichengruen-karlsdorf.de\/egk2017\/wp-json\/wp\/v2\/types\/tribe_events"}],"author":[{"embeddable":true,"href":"https:\/\/eichengruen-karlsdorf.de\/egk2017\/wp-json\/wp\/v2\/users\/3"}],"version-history":[{"count":3,"href":"https:\/\/eichengruen-karlsdorf.de\/egk2017\/wp-json\/wp\/v2\/tribe_events\/952\/revisions"}],"predecessor-version":[{"id":966,"href":"https:\/\/eichengruen-karlsdorf.de\/egk2017\/wp-json\/wp\/v2\/tribe_events\/952\/revisions\/966"}],"wp:featuredmedia":[{"embeddable":true,"href":"https:\/\/eichengruen-karlsdorf.de\/egk2017\/wp-json\/wp\/v2\/media\/1040"}],"wp:attachment":[{"href":"https:\/\/eichengruen-karlsdorf.de\/egk2017\/wp-json\/wp\/v2\/media?parent=952"}],"wp:term":[{"taxonomy":"post_tag","embeddable":true,"href":"https:\/\/eichengruen-karlsdorf.de\/egk2017\/wp-json\/wp\/v2\/tags?post=952"},{"taxonomy":"tribe_events_cat","embeddable":true,"href":"https:\/\/eichengruen-karlsdorf.de\/egk2017\/wp-json\/wp\/v2\/tribe_events_cat?post=952"}],"curies":[{"name":"wp","href":"https:\/\/api.w.org\/{rel}","templated":true}]}}